{"id":15013,"date":"2023-06-28T08:22:57","date_gmt":"2023-06-28T06:22:57","guid":{"rendered":"https:\/\/fvo.cat\/la-fundacion\/memories\/"},"modified":"2023-10-06T12:54:11","modified_gmt":"2023-10-06T10:54:11","slug":"memorias","status":"publish","type":"page","link":"https:\/\/fvo.cat\/es\/la-fundacion\/memorias\/","title":{"rendered":"Memorias"},"content":{"rendered":"<p>Anualmente, la Fundaci\u00f3n Privada Vall\u00e8s Oriental (FVO) editaba una compilaci\u00f3n de las actividades llevadas a cabo en los diferentes servicios as\u00ed como los objetivos planteados por el a\u00f1o en curso y los proyectos por el a\u00f1o pr\u00f3ximo. Esta compilaci\u00f3n, las memorias, se publicaban en junio y eran distribuidas a las familias, entidades, administraci\u00f3n y poblaci\u00f3n en general.<\/p>\n<p>Pero al estar formada la Fundaci\u00f3n por un gran equipo humano de profesionales, con una enorme inquietud y ganas de mejorar continuamente, hemos decidido dar un paso m\u00e1s all\u00e1 y presentaros, en junio de 2010, un nuevo tipo de memorias: la memoria de responsabilidad social de la FVO.<\/p>\n<p>Gracias al apoyo de los profesionales de la FVO para la mejora constante de la calidad de vida de las personas con discapacidad y de la mejora de la atenci\u00f3n que se ofrece desde cada unos de los servicios y centros de la entidad, en el a\u00f1o 2010 la FVO se certifica en la normativa SGE 21 de Gesti\u00f3n \u00c9tica y Responsabilidad Social de For\u00e9tica como mejora capital dentro de este conjunto ordenado de principios \u00e9ticos al servicio de la persona con discapacidad intelectual que es como se define la esencia de nuestra entidad.<\/p>\n<p>Cumpliendo con los objetivos definidos al Plan Estrat\u00e9gico 2017-2020 de la FVO, la Fundaci\u00f3n no s\u00f3lo trabaja por el bienestar de las personas con discapacidad intelectual y sus familias \u2013 para tener un buen ambiente laboral en las mejores condiciones materiales y de infraestructuras para sus profesionales- sino que tambi\u00e9n se compromete al realizar su aportaci\u00f3n para hacer un mundo mejor a trav\u00e9s de la certificaci\u00f3n en la norma SGE 21 de For\u00e9tica.<\/p>\n<div class=\"publicacions\">\n\t\n\t\t<nav class=\"pagination\">\n\t\t\t\t\n\t\t\n\t\t<ul class=\"pagination__list\">\n\t\t\t\t\t\t\t\t\t\t\t\t<li class=\"pagination__item pagination__item-number\">\n\t\t\t\t\t\t<span class=\"pagination__current\">1<\/span>\n\t\t\t\t\t<\/li>\n\t\t\t\t\t\t\t\t\t\t\t\t\t\t\t\t<li class=\"pagination__item pagination__item-number\">\n\t\t\t\t\t\t<a href=\"https:\/\/fvo.cat\/es\/wp-json\/wp\/v2\/pages\/15013\/page\/2\/\" class=\"pagination__link\">2<\/a>\n\t\t\t\t\t<\/li>\n\t\t\t\t\t\t\t\t\t<\/ul>\n\t\t\n\t\t\t<\/nav>\n\t<div class=\"publicacions__collection\">\n\t\t\t\t\t<div class=\"publicacions__item publicacion\">\n\t\t\t\t\n\t\t\t\t\t\t\t\t\t\t\t\t\t\t\t\t\t\n\t\t\t\t\t\t\t\t\t<a href=\"https:\/\/fvo.cat\/wp-content\/uploads\/2025\/07\/FUNDACIO-FVO-Memoria-2025-1.pdf\" class=\"publicacion__link\">\n\t\t\t\t\t\t<picture class=\"publicacion__picture\">\n\t\t\t\t\t\t\t<img decoding=\"async\" src=\"https:\/\/fvo.cat\/wp-content\/uploads\/2025\/07\/portada-1-300x0-c-default.webp\" alt=\"\">\n\t\t\t\t\t\t<\/picture>\n\t\t\t\t\t\t<span class=\"publicacion__title\">\n\t\t\t\t\t\t\tMem\u00f2ria Responsabilitat Social 2024\n\t\t\t\t\t\t<\/span>\n\t\t\t\t\t<\/a>\n\t\t\t\t\t\t\t<\/div>\n\t\t\t\t\t<div class=\"publicacions__item publicacion\">\n\t\t\t\t\n\t\t\t\t\t\t\t\t\t\t\t\t\t\t\t\t\t\n\t\t\t\t\t\t\t\t\t<a href=\"https:\/\/fvo.cat\/wp-content\/uploads\/2024\/08\/FUNDACIO-FVO-Memoria-2024-4_compressed.pdf\" class=\"publicacion__link\">\n\t\t\t\t\t\t<picture class=\"publicacion__picture\">\n\t\t\t\t\t\t\t<img decoding=\"async\" src=\"https:\/\/fvo.cat\/wp-content\/uploads\/2024\/08\/portada-101-300x0-c-default.webp\" alt=\"\">\n\t\t\t\t\t\t<\/picture>\n\t\t\t\t\t\t<span class=\"publicacion__title\">\n\t\t\t\t\t\t\tMem\u00f2ria Responsabilitat Social 2023\n\t\t\t\t\t\t<\/span>\n\t\t\t\t\t<\/a>\n\t\t\t\t\t\t\t<\/div>\n\t\t\t\t\t<div class=\"publicacions__item publicacion\">\n\t\t\t\t\n\t\t\t\t\t\t\t\t\t\t\t\t\t\t\t\t\t\n\t\t\t\t\t\t\t\t\t<a href=\"https:\/\/fvo.cat\/wp-content\/uploads\/2024\/05\/memoria_2022.pdf\" class=\"publicacion__link\">\n\t\t\t\t\t\t<picture class=\"publicacion__picture\">\n\t\t\t\t\t\t\t<img decoding=\"async\" src=\"https:\/\/fvo.cat\/wp-content\/uploads\/2024\/05\/memoria-2022-300x0-c-default.webp\" alt=\"\">\n\t\t\t\t\t\t<\/picture>\n\t\t\t\t\t\t<span class=\"publicacion__title\">\n\t\t\t\t\t\t\tMem\u00f2ria Responsabilitat Social 2022\n\t\t\t\t\t\t<\/span>\n\t\t\t\t\t<\/a>\n\t\t\t\t\t\t\t<\/div>\n\t\t\t\t\t<div class=\"publicacions__item publicacion\">\n\t\t\t\t\n\t\t\t\t\t\t\t\t\t\t\t\t\t\t\t\t\t\n\t\t\t\t\t\t\t\t\t<a href=\"https:\/\/fvo.cat\/wp-content\/uploads\/2023\/06\/MemoriaResponsabilitatSocial2019.pdf\" class=\"publicacion__link\">\n\t\t\t\t\t\t<picture class=\"publicacion__picture\">\n\t\t\t\t\t\t\t<img decoding=\"async\" src=\"https:\/\/fvo.cat\/wp-content\/uploads\/2023\/06\/memories2019-300x0-c-default.webp\" alt=\"\">\n\t\t\t\t\t\t<\/picture>\n\t\t\t\t\t\t<span class=\"publicacion__title\">\n\t\t\t\t\t\t\tMem\u00f2ria responsabilitat social 2019\n\t\t\t\t\t\t<\/span>\n\t\t\t\t\t<\/a>\n\t\t\t\t\t\t\t<\/div>\n\t\t\t\t\t<div class=\"publicacions__item publicacion\">\n\t\t\t\t\n\t\t\t\t\t\t\t\t\t\t\t\t\t\t\t\t\t\n\t\t\t\t\t\t\t\t\t<a href=\"https:\/\/fvo.cat\/wp-content\/uploads\/2023\/10\/MemoriaResponsabilitatSocial2018.pdf\" class=\"publicacion__link\">\n\t\t\t\t\t\t<picture class=\"publicacion__picture\">\n\t\t\t\t\t\t\t<img decoding=\"async\" src=\"https:\/\/fvo.cat\/wp-content\/uploads\/2023\/10\/memories2018-300x0-c-default.webp\" alt=\"\">\n\t\t\t\t\t\t<\/picture>\n\t\t\t\t\t\t<span class=\"publicacion__title\">\n\t\t\t\t\t\t\tMem\u00f2ria responsabilitat social 2018\n\t\t\t\t\t\t<\/span>\n\t\t\t\t\t<\/a>\n\t\t\t\t\t\t\t<\/div>\n\t\t\t\t\t<div class=\"publicacions__item publicacion\">\n\t\t\t\t\n\t\t\t\t\t\t\t\t\t\t\t\t\t\t\t\t\t\n\t\t\t\t\t\t\t\t\t<a href=\"https:\/\/fvo.cat\/wp-content\/uploads\/2023\/10\/MemoriaResponsabilitatSocial2017.pdf\" class=\"publicacion__link\">\n\t\t\t\t\t\t<picture class=\"publicacion__picture\">\n\t\t\t\t\t\t\t<img decoding=\"async\" src=\"https:\/\/fvo.cat\/wp-content\/uploads\/2018\/07\/Memories2017-300x0-c-default.webp\" alt=\"\">\n\t\t\t\t\t\t<\/picture>\n\t\t\t\t\t\t<span class=\"publicacion__title\">\n\t\t\t\t\t\t\tMem\u00f2ria responsabilitat social 2017\n\t\t\t\t\t\t<\/span>\n\t\t\t\t\t<\/a>\n\t\t\t\t\t\t\t<\/div>\n\t\t\t\t\t<div class=\"publicacions__item publicacion\">\n\t\t\t\t\n\t\t\t\t\t\t\t\t\t\t\t\t\t\t\t\t\t\n\t\t\t\t\t\t\t\t\t<a href=\"https:\/\/fvo.cat\/wp-content\/uploads\/2023\/10\/MemoriaResponsabilitatSocial2016.pdf\" class=\"publicacion__link\">\n\t\t\t\t\t\t<picture class=\"publicacion__picture\">\n\t\t\t\t\t\t\t<img decoding=\"async\" src=\"https:\/\/fvo.cat\/wp-content\/uploads\/2023\/10\/memoria-2016-300x0-c-default.webp\" alt=\"\">\n\t\t\t\t\t\t<\/picture>\n\t\t\t\t\t\t<span class=\"publicacion__title\">\n\t\t\t\t\t\t\tMem\u00f2ria responsabilitat social 2016\n\t\t\t\t\t\t<\/span>\n\t\t\t\t\t<\/a>\n\t\t\t\t\t\t\t<\/div>\n\t\t\t\t\t<div class=\"publicacions__item publicacion\">\n\t\t\t\t\n\t\t\t\t\t\t\t\t\t\t\t\t\t\t\t\t\t\n\t\t\t\t\t\t\t\t\t<a href=\"https:\/\/fvo.cat\/wp-content\/uploads\/2023\/10\/MemoriaResponsabilitatSocial2015.pdf\" class=\"publicacion__link\">\n\t\t\t\t\t\t<picture class=\"publicacion__picture\">\n\t\t\t\t\t\t\t<img decoding=\"async\" src=\"https:\/\/fvo.cat\/wp-content\/uploads\/2016\/07\/Portada-MRS2015p-300x0-c-default.webp\" alt=\"\">\n\t\t\t\t\t\t<\/picture>\n\t\t\t\t\t\t<span class=\"publicacion__title\">\n\t\t\t\t\t\t\tMem\u00f2ria responsabilitat social 2015\n\t\t\t\t\t\t<\/span>\n\t\t\t\t\t<\/a>\n\t\t\t\t\t\t\t<\/div>\n\t\t\t\t\t<div class=\"publicacions__item publicacion\">\n\t\t\t\t\n\t\t\t\t\t\t\t\t\t\t\t\t\t\t\t\t\t\n\t\t\t\t\t\t\t\t\t<a href=\"https:\/\/fvo.cat\/wp-content\/uploads\/2023\/10\/MemoriaResponsabilitatSocial2014.pdf\" class=\"publicacion__link\">\n\t\t\t\t\t\t<picture class=\"publicacion__picture\">\n\t\t\t\t\t\t\t<img decoding=\"async\" src=\"https:\/\/fvo.cat\/wp-content\/uploads\/2023\/10\/memoria-2014-300x0-c-default.webp\" alt=\"\">\n\t\t\t\t\t\t<\/picture>\n\t\t\t\t\t\t<span class=\"publicacion__title\">\n\t\t\t\t\t\t\tMem\u00f2ria responsabilitat social 2014\n\t\t\t\t\t\t<\/span>\n\t\t\t\t\t<\/a>\n\t\t\t\t\t\t\t<\/div>\n\t\t\t\t\t<div class=\"publicacions__item publicacion\">\n\t\t\t\t\n\t\t\t\t\t\t\t\t\t\t\t\t\t\t\t\t\t\n\t\t\t\t\t\t\t\t\t<a href=\"https:\/\/fvo.cat\/wp-content\/uploads\/2023\/10\/MemoriaResponsabilitatSocial2013.pdf\" class=\"publicacion__link\">\n\t\t\t\t\t\t<picture class=\"publicacion__picture\">\n\t\t\t\t\t\t\t<img decoding=\"async\" src=\"https:\/\/fvo.cat\/wp-content\/uploads\/2023\/10\/memres2013-300x0-c-default.webp\" alt=\"\">\n\t\t\t\t\t\t<\/picture>\n\t\t\t\t\t\t<span class=\"publicacion__title\">\n\t\t\t\t\t\t\tMem\u00f2ria responsabilitat social 2013\n\t\t\t\t\t\t<\/span>\n\t\t\t\t\t<\/a>\n\t\t\t\t\t\t\t<\/div>\n\t\t\t\t\t<div class=\"publicacions__item publicacion\">\n\t\t\t\t\n\t\t\t\t\t\t\t\t\t\t\t\t\t\t\t\t\t\n\t\t\t\t\t\t\t\t\t<a href=\"https:\/\/fvo.cat\/wp-content\/uploads\/2023\/10\/MemoriaResponsabilitatSocial2012.pdf\" class=\"publicacion__link\">\n\t\t\t\t\t\t<picture class=\"publicacion__picture\">\n\t\t\t\t\t\t\t<img decoding=\"async\" src=\"https:\/\/fvo.cat\/wp-content\/uploads\/2023\/10\/memres2012-300x0-c-default.webp\" alt=\"\">\n\t\t\t\t\t\t<\/picture>\n\t\t\t\t\t\t<span class=\"publicacion__title\">\n\t\t\t\t\t\t\tMem\u00f2ria responsabilitat social 2012\n\t\t\t\t\t\t<\/span>\n\t\t\t\t\t<\/a>\n\t\t\t\t\t\t\t<\/div>\n\t\t\t\t\t<div class=\"publicacions__item publicacion\">\n\t\t\t\t\n\t\t\t\t\t\t\t\t\t\t\t\t\t\t\t\t\t\n\t\t\t\t\t\t\t\t\t<a href=\"https:\/\/fvo.cat\/wp-content\/uploads\/2023\/10\/MemoriaResponsabilitatSocial2011.pdf\" class=\"publicacion__link\">\n\t\t\t\t\t\t<picture class=\"publicacion__picture\">\n\t\t\t\t\t\t\t<img decoding=\"async\" src=\"https:\/\/fvo.cat\/wp-content\/uploads\/2023\/10\/memres2011-300x0-c-default.webp\" alt=\"\">\n\t\t\t\t\t\t<\/picture>\n\t\t\t\t\t\t<span class=\"publicacion__title\">\n\t\t\t\t\t\t\tMem\u00f2ria responsabilitat social 2011\n\t\t\t\t\t\t<\/span>\n\t\t\t\t\t<\/a>\n\t\t\t\t\t\t\t<\/div>\n\t\t\t<\/div>\n\t\n\t\t<nav class=\"pagination\">\n\t\t\t\t\n\t\t\n\t\t<ul class=\"pagination__list\">\n\t\t\t\t\t\t\t\t\t\t\t\t<li class=\"pagination__item pagination__item-number\">\n\t\t\t\t\t\t<span class=\"pagination__current\">1<\/span>\n\t\t\t\t\t<\/li>\n\t\t\t\t\t\t\t\t\t\t\t\t\t\t\t\t<li class=\"pagination__item pagination__item-number\">\n\t\t\t\t\t\t<a href=\"https:\/\/fvo.cat\/es\/wp-json\/wp\/v2\/pages\/15013\/page\/2\/\" class=\"pagination__link\">2<\/a>\n\t\t\t\t\t<\/li>\n\t\t\t\t\t\t\t\t\t<\/ul>\n\t\t\n\t\t\t<\/nav>\n<\/div>\n\n","protected":false},"excerpt":{"rendered":"<p>Anualmente, la Fundaci\u00f3n Privada Vall\u00e8s Oriental (FVO) editaba una compilaci\u00f3n de las actividades llevadas a cabo en los diferentes servicios as\u00ed como los objetivos planteados por el a\u00f1o en curso y los [&hellip;]<\/p>\n","protected":false},"author":1,"featured_media":0,"parent":14694,"menu_order":61,"comment_status":"closed","ping_status":"closed","template":"","meta":{"_seopress_robots_primary_cat":"","_seopress_titles_title":"","_seopress_titles_desc":"","_seopress_robots_index":"","inline_featured_image":false,"footnotes":""},"class_list":["post-15013","page","type-page","status-publish","hentry"],"_links":{"self":[{"href":"https:\/\/fvo.cat\/es\/wp-json\/wp\/v2\/pages\/15013","targetHints":{"allow":["GET"]}}],"collection":[{"href":"https:\/\/fvo.cat\/es\/wp-json\/wp\/v2\/pages"}],"about":[{"href":"https:\/\/fvo.cat\/es\/wp-json\/wp\/v2\/types\/page"}],"author":[{"embeddable":true,"href":"https:\/\/fvo.cat\/es\/wp-json\/wp\/v2\/users\/1"}],"replies":[{"embeddable":true,"href":"https:\/\/fvo.cat\/es\/wp-json\/wp\/v2\/comments?post=15013"}],"version-history":[{"count":0,"href":"https:\/\/fvo.cat\/es\/wp-json\/wp\/v2\/pages\/15013\/revisions"}],"up":[{"embeddable":true,"href":"https:\/\/fvo.cat\/es\/wp-json\/wp\/v2\/pages\/14694"}],"wp:attachment":[{"href":"https:\/\/fvo.cat\/es\/wp-json\/wp\/v2\/media?parent=15013"}],"curies":[{"name":"wp","href":"https:\/\/api.w.org\/{rel}","templated":true}]}}