{"id":15289,"date":"2023-10-09T08:02:15","date_gmt":"2023-10-09T06:02:15","guid":{"rendered":"https:\/\/fvo.cat\/?page_id=15289"},"modified":"2025-08-11T12:01:26","modified_gmt":"2025-08-11T10:01:26","slug":"residencia","status":"publish","type":"page","link":"https:\/\/fvo.cat\/es\/servicios-a-personas\/residencia\/","title":{"rendered":"Residencia"},"content":{"rendered":"<h2>Residencia \u2018\u2019Valldoriolf\u2019\u2019<\/h2>\n<p>&nbsp;<\/p>\n<p><img loading=\"lazy\" decoding=\"async\" class=\"aligncenter wp-image-12980 size-large\" src=\"https:\/\/fvo.cat\/wp-content\/uploads\/2015\/11\/11.-foto-1-resi-pag-27-peu-La-Residencia-va-obtenir-lany-1999-el-100-defectivitat-en-lavaluciacio-realitzada-per-lICASS-1024x427.jpg\" alt=\"\" width=\"1024\" height=\"427\" srcset=\"https:\/\/fvo.cat\/wp-content\/uploads\/2015\/11\/11.-foto-1-resi-pag-27-peu-La-Residencia-va-obtenir-lany-1999-el-100-defectivitat-en-lavaluciacio-realitzada-per-lICASS-1024x427.jpg 1024w, https:\/\/fvo.cat\/wp-content\/uploads\/2015\/11\/11.-foto-1-resi-pag-27-peu-La-Residencia-va-obtenir-lany-1999-el-100-defectivitat-en-lavaluciacio-realitzada-per-lICASS-300x125.jpg 300w, https:\/\/fvo.cat\/wp-content\/uploads\/2015\/11\/11.-foto-1-resi-pag-27-peu-La-Residencia-va-obtenir-lany-1999-el-100-defectivitat-en-lavaluciacio-realitzada-per-lICASS-768x320.jpg 768w, https:\/\/fvo.cat\/wp-content\/uploads\/2015\/11\/11.-foto-1-resi-pag-27-peu-La-Residencia-va-obtenir-lany-1999-el-100-defectivitat-en-lavaluciacio-realitzada-per-lICASS-1536x641.jpg 1536w, https:\/\/fvo.cat\/wp-content\/uploads\/2015\/11\/11.-foto-1-resi-pag-27-peu-La-Residencia-va-obtenir-lany-1999-el-100-defectivitat-en-lavaluciacio-realitzada-per-lICASS.jpg 2045w\" sizes=\"auto, (max-width: 1024px) 100vw, 1024px\" \/><\/p>\n<p>&nbsp;<\/p>\n<p>La Residencia se conforma en torno a la atenci\u00f3n integral hacia las personas con discapacidad intelectual con necesidades de apoyo extenso y generalizado con problemas de salud y\/o trastornos de conducta, se promueve su autonom\u00eda y se sit\u00faa a la persona en el centro de todos los procesos, se involucra a sus familiares, profesionales y a los diferentes agentes que intervendr\u00e1n a la din\u00e1mica de la atenci\u00f3n en el \u00e1mbito residencial y de servicio de acogida diurna para que cada persona desarrolle su proyecto personal y consiga una vida satisfactoria.<\/p>\n<p>Aun as\u00ed, se considera estrat\u00e9gicamente vital, promover la vivencia de la diversidad en el entorno de influencia m\u00e1s local, como un elemento clave para promover la inclusi\u00f3n social de las personas y para conseguir la sensibilizaci\u00f3n social del entorno.<\/p>\n<p>Facilita un entorno sustitutivo del hogar adecuado y adaptado a las necesitados de asistencia al conjunto de las actividades de la vida diaria, atendiendo las necesidades individualizadas de rehabilitaci\u00f3n y terap\u00e9uticas. Se ofrecen actividades motivadoras y que tengan un sentido para la persona, dando importancia a las actividades de la vida diaria como herramienta terap\u00e9utica y realizando actividades dentro de la comunidad para fomentar la inclusi\u00f3n social.<\/p>\n<p>Proporciona apoyo a las familias o tutores en relaci\u00f3n a la persona atendida en el servicio residencial.<\/p>\n<p>Con toda la informaci\u00f3n recogida y la participaci\u00f3n de la persona, de su grupo de apoyo y del equipo interdisciplinario, se planifica su proyecto de vida y su Programa Individual de Atenci\u00f3n Interdisciplinario (PIAI).<\/p>\n<h2>Instalaciones<\/h2>\n<p>La Residencia y Centro de Atenci\u00f3n Especializada \u201cValldoriolf\u201d est\u00e1 construida en un solo plano de 2.700 m2 ubicado en un terreno de 5ha. propiedad de la FVO.<\/p>\n<p>En la entrada principal hay un gran vest\u00edbulo de uso m\u00faltiple donde se encuentran: la recepci\u00f3n, despachos de los servicios t\u00e9cnicos, sala de juntas, lavabos, servicio m\u00e9dico y de enfermer\u00eda, farmacia; y, los espacios destinados a las actividades del servicio de atenci\u00f3n diurna o especializada: sala de fisioterapia, sala de estimulaci\u00f3n sensorial, sala multimedia y sala de taller de manipulaciones y est\u00e9tica (estas cuatro \u00faltimas con salida a zona enjardinada).<\/p>\n<p>A continuaci\u00f3n hay el pasillo central que baja hasta el final del edificio y separa la zona de los residentes de los servicios generales (sala de m\u00e1quinas, taller mantenimiento, sala de personal, lavander\u00eda, cocina y vestuarios de personal).<\/p>\n<p>A continuaci\u00f3n hay el pasillo central que baja hasta el final del edificio y separa la zona de los residentes de los servicios generales (sala de m\u00e1quinas, taller mantenimiento, sala de personal, lavander\u00eda, cocina y vestuarios de personal).<\/p>\n<p>El servicio de lavander\u00eda y limpieza lo gestiona el Centro Especial de Trabajo \u201cXavier Quincoces\u201d de la misma Fundaci\u00f3n y el servicio de cocina, subcontratado a la empresa RC Servicios, cuenta con cocina propiamente a las instalaciones del centro y un equipo de dos personas con discapacidad del Centro Especial de Trabajo integradas a la cocina, en cuanto a los men\u00fas son realizados y revisados mensualmente por el servicio de enfermer\u00eda del Centro.<\/p>\n<p>Los espacios dedicados a la vida diaria se componen de tres unidades con una misma distribuci\u00f3n y composici\u00f3n: un pasillo separa los dormitorios a la izquierda y los ba\u00f1os y salas a la derecha.<\/p>\n<p>En la Unidad A hay el dormitorio de enfermer\u00eda con dos camas que se utilizan en aquellos casos que conviene dar una atenci\u00f3n m\u00e9dico-sanitaria m\u00e1s cuidadosa. Consta de seis dormitorios de tres camas y dos dormitorios individuales.<\/p>\n<p>Las Unidades B y C se componen de seis dormitorios de tres camas, una habitaci\u00f3n de dos camas y dos habitaciones individuales cada unidad.<br \/>\nLos dormitorios acogen en la mayor\u00eda de los casos a tres personas siendo siempre del mismo sexo. Los armarios y las camas est\u00e1n personalizadas de forma que se sientan la habitaci\u00f3n como propia y facilita el reconocimiento del espacio.<br \/>\nCada unidad se compone de cuatro salas, un ba\u00f1o, un lavabo y las habitaciones de las personas testificas. Todas las salas dan en la zona exterior enjardinada.<\/p>\n<p>Las unidades A y B disponen de una zona de estar con televisi\u00f3n y v\u00eddeo. Al final del pasillo hay el office y el comedor grande.<\/p>\n<div id='gallery-1' class='gallery galleryid-15289 gallery-columns-5 gallery-size-medium'><figure class='gallery-item'>\n\t\t\t<div class='gallery-icon landscape'>\n\t\t\t\t<a href='https:\/\/fvo.cat\/es\/servicios-a-personas\/residencia\/img-8678-2\/'><img loading=\"lazy\" decoding=\"async\" width=\"300\" height=\"200\" src=\"https:\/\/fvo.cat\/wp-content\/uploads\/2025\/06\/img-8678-300x200.jpg\" class=\"attachment-medium size-medium\" alt=\"\" srcset=\"https:\/\/fvo.cat\/wp-content\/uploads\/2025\/06\/img-8678-300x200.jpg 300w, https:\/\/fvo.cat\/wp-content\/uploads\/2025\/06\/img-8678-1024x683.jpg 1024w, https:\/\/fvo.cat\/wp-content\/uploads\/2025\/06\/img-8678-768x512.jpg 768w, https:\/\/fvo.cat\/wp-content\/uploads\/2025\/06\/img-8678-1536x1024.jpg 1536w, https:\/\/fvo.cat\/wp-content\/uploads\/2025\/06\/img-8678-2048x1365.jpg 2048w\" sizes=\"auto, (max-width: 300px) 100vw, 300px\" \/><\/a>\n\t\t\t<\/div><\/figure><figure class='gallery-item'>\n\t\t\t<div class='gallery-icon landscape'>\n\t\t\t\t<a href='https:\/\/fvo.cat\/es\/servicios-a-personas\/residencia\/instalacions-residencia-2\/'><img loading=\"lazy\" decoding=\"async\" width=\"250\" height=\"187\" src=\"https:\/\/fvo.cat\/wp-content\/uploads\/2023\/10\/instalacions-residencia-2.png\" class=\"attachment-medium size-medium\" alt=\"\" \/><\/a>\n\t\t\t<\/div><\/figure><figure class='gallery-item'>\n\t\t\t<div class='gallery-icon landscape'>\n\t\t\t\t<a href='https:\/\/fvo.cat\/es\/servicios-a-personas\/residencia\/img-8689-2\/'><img loading=\"lazy\" decoding=\"async\" width=\"300\" height=\"200\" src=\"https:\/\/fvo.cat\/wp-content\/uploads\/2025\/06\/img-8689-300x200.jpg\" class=\"attachment-medium size-medium\" alt=\"\" srcset=\"https:\/\/fvo.cat\/wp-content\/uploads\/2025\/06\/img-8689-300x200.jpg 300w, https:\/\/fvo.cat\/wp-content\/uploads\/2025\/06\/img-8689-1024x683.jpg 1024w, https:\/\/fvo.cat\/wp-content\/uploads\/2025\/06\/img-8689-768x512.jpg 768w, https:\/\/fvo.cat\/wp-content\/uploads\/2025\/06\/img-8689-1536x1024.jpg 1536w, https:\/\/fvo.cat\/wp-content\/uploads\/2025\/06\/img-8689-2048x1365.jpg 2048w\" sizes=\"auto, (max-width: 300px) 100vw, 300px\" \/><\/a>\n\t\t\t<\/div><\/figure><figure class='gallery-item'>\n\t\t\t<div class='gallery-icon landscape'>\n\t\t\t\t<a href='https:\/\/fvo.cat\/es\/servicios-a-personas\/residencia\/instalacions-residencia-3\/'><img loading=\"lazy\" decoding=\"async\" width=\"250\" height=\"187\" src=\"https:\/\/fvo.cat\/wp-content\/uploads\/2023\/10\/instalacions-residencia-3.png\" class=\"attachment-medium size-medium\" alt=\"\" \/><\/a>\n\t\t\t<\/div><\/figure><figure class='gallery-item'>\n\t\t\t<div class='gallery-icon landscape'>\n\t\t\t\t<a href='https:\/\/fvo.cat\/es\/servicios-a-personas\/residencia\/img-8668-2\/'><img loading=\"lazy\" decoding=\"async\" width=\"300\" height=\"200\" src=\"https:\/\/fvo.cat\/wp-content\/uploads\/2025\/06\/img-8668-300x200.jpg\" class=\"attachment-medium size-medium\" alt=\"\" srcset=\"https:\/\/fvo.cat\/wp-content\/uploads\/2025\/06\/img-8668-300x200.jpg 300w, https:\/\/fvo.cat\/wp-content\/uploads\/2025\/06\/img-8668-1024x683.jpg 1024w, https:\/\/fvo.cat\/wp-content\/uploads\/2025\/06\/img-8668-768x512.jpg 768w, https:\/\/fvo.cat\/wp-content\/uploads\/2025\/06\/img-8668-1536x1024.jpg 1536w, https:\/\/fvo.cat\/wp-content\/uploads\/2025\/06\/img-8668-2048x1365.jpg 2048w\" sizes=\"auto, (max-width: 300px) 100vw, 300px\" \/><\/a>\n\t\t\t<\/div><\/figure><figure class='gallery-item'>\n\t\t\t<div class='gallery-icon landscape'>\n\t\t\t\t<a href='https:\/\/fvo.cat\/es\/servicios-a-personas\/residencia\/instalacions-residencia-5\/'><img loading=\"lazy\" decoding=\"async\" width=\"250\" height=\"166\" src=\"https:\/\/fvo.cat\/wp-content\/uploads\/2023\/10\/instalacions-residencia-5.png\" class=\"attachment-medium size-medium\" alt=\"\" \/><\/a>\n\t\t\t<\/div><\/figure><figure class='gallery-item'>\n\t\t\t<div class='gallery-icon landscape'>\n\t\t\t\t<a href='https:\/\/fvo.cat\/es\/servicios-a-personas\/residencia\/mones3-2\/'><img loading=\"lazy\" decoding=\"async\" width=\"300\" height=\"300\" src=\"https:\/\/fvo.cat\/wp-content\/uploads\/2025\/05\/mones3-300x300.png\" class=\"attachment-medium size-medium\" alt=\"\" srcset=\"https:\/\/fvo.cat\/wp-content\/uploads\/2025\/05\/mones3-300x300.png 300w, https:\/\/fvo.cat\/wp-content\/uploads\/2025\/05\/mones3-1024x1024.png 1024w, https:\/\/fvo.cat\/wp-content\/uploads\/2025\/05\/mones3-768x768.png 768w, https:\/\/fvo.cat\/wp-content\/uploads\/2025\/05\/mones3.png 1080w\" sizes=\"auto, (max-width: 300px) 100vw, 300px\" \/><\/a>\n\t\t\t<\/div><\/figure><figure class='gallery-item'>\n\t\t\t<div class='gallery-icon landscape'>\n\t\t\t\t<a href='https:\/\/fvo.cat\/es\/servicios-a-personas\/residencia\/posts-instagram-format-quadrat-4-2-2\/'><img loading=\"lazy\" decoding=\"async\" width=\"300\" height=\"300\" src=\"https:\/\/fvo.cat\/wp-content\/uploads\/2025\/05\/posts-instagram-format-quadrat-4-300x300.png\" class=\"attachment-medium size-medium\" alt=\"\" srcset=\"https:\/\/fvo.cat\/wp-content\/uploads\/2025\/05\/posts-instagram-format-quadrat-4-300x300.png 300w, https:\/\/fvo.cat\/wp-content\/uploads\/2025\/05\/posts-instagram-format-quadrat-4-1024x1024.png 1024w, https:\/\/fvo.cat\/wp-content\/uploads\/2025\/05\/posts-instagram-format-quadrat-4-768x768.png 768w, https:\/\/fvo.cat\/wp-content\/uploads\/2025\/05\/posts-instagram-format-quadrat-4.png 1080w\" sizes=\"auto, (max-width: 300px) 100vw, 300px\" \/><\/a>\n\t\t\t<\/div><\/figure><figure class='gallery-item'>\n\t\t\t<div class='gallery-icon landscape'>\n\t\t\t\t<a href='https:\/\/fvo.cat\/es\/servicios-a-personas\/residencia\/img-7248-2\/'><img loading=\"lazy\" decoding=\"async\" width=\"300\" height=\"200\" src=\"https:\/\/fvo.cat\/wp-content\/uploads\/2025\/05\/img-7248-300x200.jpg\" class=\"attachment-medium size-medium\" alt=\"\" srcset=\"https:\/\/fvo.cat\/wp-content\/uploads\/2025\/05\/img-7248-300x200.jpg 300w, https:\/\/fvo.cat\/wp-content\/uploads\/2025\/05\/img-7248-1024x683.jpg 1024w, https:\/\/fvo.cat\/wp-content\/uploads\/2025\/05\/img-7248-768x512.jpg 768w, https:\/\/fvo.cat\/wp-content\/uploads\/2025\/05\/img-7248-1536x1024.jpg 1536w, https:\/\/fvo.cat\/wp-content\/uploads\/2025\/05\/img-7248-2048x1365.jpg 2048w\" sizes=\"auto, (max-width: 300px) 100vw, 300px\" \/><\/a>\n\t\t\t<\/div><\/figure>\n\t\t<\/div>\n\n<h2>Historia<\/h2>\n<p><a href=\"https:\/\/fvo.cat\/wp-content\/uploads\/2023\/10\/pag-inauguracio-de-la-residencia.jpg\"><img loading=\"lazy\" decoding=\"async\" class=\"alignleft wp-image-15309 size-medium\" src=\"https:\/\/fvo.cat\/wp-content\/uploads\/2023\/10\/pag-inauguracio-de-la-residencia-300x200.jpg\" alt=\"\" width=\"300\" height=\"200\" srcset=\"https:\/\/fvo.cat\/wp-content\/uploads\/2023\/10\/pag-inauguracio-de-la-residencia-300x200.jpg 300w, https:\/\/fvo.cat\/wp-content\/uploads\/2023\/10\/pag-inauguracio-de-la-residencia-1024x683.jpg 1024w, https:\/\/fvo.cat\/wp-content\/uploads\/2023\/10\/pag-inauguracio-de-la-residencia-768x512.jpg 768w, https:\/\/fvo.cat\/wp-content\/uploads\/2023\/10\/pag-inauguracio-de-la-residencia-1536x1024.jpg 1536w, https:\/\/fvo.cat\/wp-content\/uploads\/2023\/10\/pag-inauguracio-de-la-residencia-2048x1365.jpg 2048w\" sizes=\"auto, (max-width: 300px) 100vw, 300px\" \/><\/a>Entre sus objetivos iniciales, la Asociaci\u00f3n Patronato Comarcal de Padres de Personas con Disminuci\u00f3n Ps\u00edquica ten\u00eda el de ofrecer un servicio residencial a los grandes disminuidos ps\u00edquicos de Granollers y comarca: un servicio que acogiera a personas que, por diferentes motivos, no pod\u00edan recibir la atenci\u00f3n necesaria a su entorno familiar. Para hacer realidad este proyecto, la junta directiva de la asociaci\u00f3n inici\u00f3 contactos con el consejero de Bienestar Social de la Generalitat de Catalunya, Antoni Comas y Balldellou, para proponer la construcci\u00f3n de una residencia para grandes disminuidos ps\u00edquicos. Despu\u00e9s de varias reuniones de trabajo, la propuesta fue asumida por el consejero, una vez aprobado el proceso para la ejecuci\u00f3n de este proyecto. Entre los acuerdos pactados, la asociaci\u00f3n se compromet\u00eda a ceder, al Instituto Catal\u00e1n de Asistencia y Servicios Sociales (ICASS) \u2013 actual Secretar\u00eda de Inclusi\u00f3n Social y Promoci\u00f3n de la Autonom\u00eda Personal (SISPAP) \u2013 del Departamento de Bienestar Social la finca donde se edificar\u00eda la residencia y centro de d\u00eda.<\/p>\n<p>As\u00ed, en la asamblea general celebrada por la asociaci\u00f3n el 10 de febrero del 1990, se adopt\u00f3 por unanimidad el acuerdo de \u201cceder al Instituto Catal\u00e1n de Asistencia y Servicios Sociales (ICASS) de la Generalitat de Catalunya 15.812,5 metros cuadrados de la parte norte de la finca situada en el t\u00e9rmino municipal de la Roca del Vall\u00e8s, propiedad de este Patronato, para destinarla a la construcci\u00f3n de un centro para profundos con las siguientes condiciones: la cesi\u00f3n ser\u00e1 por un plazo de noventa y nueve a\u00f1os, mientras sirva para la atenci\u00f3n de disminuidos y tengan preferencia para entrar los afectados de la comarca del Vall\u00e8s Oriental.<\/p>\n<p><a href=\"https:\/\/fvo.cat\/wp-content\/uploads\/2023\/10\/parlaments-de-lacte-inaugural-de-lany-1994.jpg\"><img loading=\"lazy\" decoding=\"async\" class=\"alignleft wp-image-15306 size-medium\" src=\"https:\/\/fvo.cat\/wp-content\/uploads\/2023\/10\/parlaments-de-lacte-inaugural-de-lany-1994-300x200.jpg\" alt=\"\" width=\"300\" height=\"200\" srcset=\"https:\/\/fvo.cat\/wp-content\/uploads\/2023\/10\/parlaments-de-lacte-inaugural-de-lany-1994-300x200.jpg 300w, https:\/\/fvo.cat\/wp-content\/uploads\/2023\/10\/parlaments-de-lacte-inaugural-de-lany-1994-1024x683.jpg 1024w, https:\/\/fvo.cat\/wp-content\/uploads\/2023\/10\/parlaments-de-lacte-inaugural-de-lany-1994-768x512.jpg 768w, https:\/\/fvo.cat\/wp-content\/uploads\/2023\/10\/parlaments-de-lacte-inaugural-de-lany-1994-1536x1024.jpg 1536w, https:\/\/fvo.cat\/wp-content\/uploads\/2023\/10\/parlaments-de-lacte-inaugural-de-lany-1994-2048x1365.jpg 2048w\" sizes=\"auto, (max-width: 300px) 100vw, 300px\" \/><\/a><\/p>\n<p>Posteriormente se iniciaron las obras de construcci\u00f3n, que finalizaron el verano de 1994. Durante el periodo que duraron los trabajos se constituy\u00f3 la Fundaci\u00f3n Privada Vall\u00e8s Oriental por Disminuidos Ps\u00edquicos (FVO) por deseo un\u00e1nime de la Asociaci\u00f3n Patronato Comarcal de Padres de Personas con Disminuci\u00f3n Ps\u00edquica, cediendo a la Fundaci\u00f3n todos los corderos patrimoniales y, entre ellos, la finca que mujer el derecho de superficie al ICASS para la construcci\u00f3n de la residencia centro de d\u00eda.<\/p>\n<p>El nuevo centro, construido en un solo plan de 2.700 metros cuadrados, entr\u00f3 en funcionamiento el 5 de octubre de 1994 y fue inaugurado el 26 de noviembre de aquel mismo a\u00f1o por el consejero Antoni Comas.<\/p>\n<p>El centro se encuentra inscrito al Registro de Entidades, Servicios y Establecimientos de Servicios Sociales del Departamento de Bienestar Social de la Generalitat de Catalunya con el n\u00famero F-13.022. Los bienes muebles e inmuebles que lo conforman pertenecen al ICASS, actual Departamento de Derechos Sociales de la Generalitat de Catalunya, siendo gestionados por la FVO, a la cual fue adjudicada mediante concurso p\u00fablico el 25 de julio de 1994.<\/p>\n","protected":false},"excerpt":{"rendered":"<p>La Residencia se conforma en torno a la atenci\u00f3n integral hacia las personas con discapacidad intelectual con necesidades de apoyo extenso y generalizado con problemas de salud y\/o trastornos de conducta, se promueve su autonom\u00eda y se sit\u00faa a la persona en el centro de todos los procesos, se involucra a sus familiares, profesionales y a los diferentes agentes que intervendr\u00e1n a la din\u00e1mica de la atenci\u00f3n en el \u00e1mbito residencial y de servicio de acogida diurna para que cada persona desarrolle su proyecto personal y consiga una vida satisfactoria.<\/p>\n","protected":false},"author":1,"featured_media":12980,"parent":15269,"menu_order":31,"comment_status":"closed","ping_status":"closed","template":"","meta":{"_seopress_robots_primary_cat":"","_seopress_titles_title":"","_seopress_titles_desc":"","_seopress_robots_index":"","inline_featured_image":false,"footnotes":""},"class_list":["post-15289","page","type-page","status-publish","has-post-thumbnail","hentry"],"_links":{"self":[{"href":"https:\/\/fvo.cat\/es\/wp-json\/wp\/v2\/pages\/15289","targetHints":{"allow":["GET"]}}],"collection":[{"href":"https:\/\/fvo.cat\/es\/wp-json\/wp\/v2\/pages"}],"about":[{"href":"https:\/\/fvo.cat\/es\/wp-json\/wp\/v2\/types\/page"}],"author":[{"embeddable":true,"href":"https:\/\/fvo.cat\/es\/wp-json\/wp\/v2\/users\/1"}],"replies":[{"embeddable":true,"href":"https:\/\/fvo.cat\/es\/wp-json\/wp\/v2\/comments?post=15289"}],"version-history":[{"count":0,"href":"https:\/\/fvo.cat\/es\/wp-json\/wp\/v2\/pages\/15289\/revisions"}],"up":[{"embeddable":true,"href":"https:\/\/fvo.cat\/es\/wp-json\/wp\/v2\/pages\/15269"}],"wp:featuredmedia":[{"embeddable":true,"href":"https:\/\/fvo.cat\/es\/wp-json\/wp\/v2\/media\/12980"}],"wp:attachment":[{"href":"https:\/\/fvo.cat\/es\/wp-json\/wp\/v2\/media?parent=15289"}],"curies":[{"name":"wp","href":"https:\/\/api.w.org\/{rel}","templated":true}]}}